{"id":3693,"date":"2026-02-06T13:08:06","date_gmt":"2026-02-06T12:08:06","guid":{"rendered":"https:\/\/crancfestival.com\/artistas\/raya-diplomatica\/"},"modified":"2026-02-09T13:28:28","modified_gmt":"2026-02-09T12:28:28","slug":"raya-diplomatica","status":"publish","type":"project","link":"https:\/\/crancfestival.com\/ca\/artistes\/raya-diplomatica\/","title":{"rendered":"Raya Diplom\u00e1tica"},"content":{"rendered":"<div class='one_half'>\n\t\t\t\t\t<ul>\n<li><strong>Divendres 8 maig<\/strong><\/li>\n<li>Es Gremi<\/li>\n<\/ul>\n<p>Raya Diplom\u00e1tica s\u00f3n un grup nascut per a passar-lo b\u00e9 sense demanar perm\u00eds. S&#8217;ajunten perfils amb molta carretera musical i audiovisual: Javier Calvo (cineasta), Marco Fr\u00edas (El Buen Hijo), Elena Rodr\u00edguez (concept artist de Stella Maris) y \u00c1lex de Lucas (The Parrots). <\/p>\n<p>El projecte sorgeix com un alleujament entre amigues, una excusa perfecta per a estar juntes, divertir-se i canalitzar energia creativa sense filtres. <strong>El resultat \u00e9s una banda ecl\u00e8ctica, irreverent i punk en actitud, que barreja humor i r\u00e0bia amb guitarres esmolades, baixos inquiets i zero complexos a l&#8217;hora de saltar del ska a la balada, del tecno al pop.<\/strong><\/p>\n<p>Raya Diplom\u00e1tica no ve a encaixar, ve a liarla (b\u00e9) \ud83d\udca5<\/p>\n<p><a href=\"https:\/\/www.instagram.com\/raya.diplomatica\/\" target=\"_blank\" rel=\"noopener noreferrer\">IG<\/a>\n\t\t\t\t<\/div><br \/>\n<div class='one_half et_column_last'>\n\t\t\t\t\t<iframe data-testid=\"embed-iframe\" style=\"border-radius:12px\" src=\"https:\/\/open.spotify.com\/embed\/artist\/3yUu1qLWJhq7XYxd7g8NfU?utm_source=generator\" width=\"100%\" height=\"352\" frameborder=\"0\" allowfullscreen=\"\" allow=\"autoplay; clipboard-write; encrypted-media; fullscreen; picture-in-picture\" loading=\"lazy\"><\/iframe> <a href=\"https:\/\/open.spotify.com\/intl-es\/artist\/3yUu1qLWJhq7XYxd7g8NfU?si=l-Xk6S7ZQ42d0Pc0aB6qnA\" target=\"_blank\" rel=\"noopener noreferrer\">Obrir Spotify<\/a>\n\t\t\t\t<\/div><div class='clear'><\/div><\/p>\n","protected":false},"excerpt":{"rendered":"","protected":false},"author":1,"featured_media":3694,"comment_status":"closed","ping_status":"closed","template":"","meta":{"_et_pb_use_builder":"","_et_pb_old_content":"","_et_gb_content_width":"","footnotes":""},"project_category":[29,21],"project_tag":[],"class_list":["post-3693","project","type-project","status-publish","has-post-thumbnail","hentry","project_category-29","project_category-mallorca"],"yoast_head":"<!-- This site is optimized with the Yoast SEO plugin v27.2 - https:\/\/yoast.com\/product\/yoast-seo-wordpress\/ -->\n<title>Raya Diplom\u00e1tica &#8226; Artistes &#8226; Cranc Illa de Mallorca Festival<\/title>\n<meta name=\"description\" content=\"Raya Diplom\u00e1tica no ve a encaixar, ve a liarla (b\u00e9) al pr\u00f2xim Cranc Illa de Mallorca Festival (7-9 maig 2026)\" \/>\n<meta name=\"robots\" content=\"index, follow, max-snippet:-1, max-image-preview:large, max-video-preview:-1\" \/>\n<link rel=\"canonical\" href=\"https:\/\/crancfestival.com\/ca\/artistes\/raya-diplomatica\/\" \/>\n<meta property=\"og:locale\" content=\"ca_ES\" \/>\n<meta property=\"og:type\" content=\"article\" \/>\n<meta property=\"og:title\" content=\"Raya Diplom\u00e1tica &#8226; Artistes &#8226; Cranc Illa de Mallorca Festival\" \/>\n<meta property=\"og:description\" content=\"Raya Diplom\u00e1tica no ve a encaixar, ve a liarla (b\u00e9) al pr\u00f2xim Cranc Illa de Mallorca Festival (7-9 maig 2026)\" \/>\n<meta property=\"og:url\" content=\"https:\/\/crancfestival.com\/ca\/artistes\/raya-diplomatica\/\" \/>\n<meta property=\"og:site_name\" content=\"Cranc Festival\" \/>\n<meta property=\"article:publisher\" content=\"https:\/\/www.facebook.com\/crancfestival\/\" \/>\n<meta property=\"article:modified_time\" content=\"2026-02-09T12:28:28+00:00\" \/>\n<meta property=\"og:image\" content=\"https:\/\/crancfestival.com\/wp-content\/uploads\/2026\/02\/raya-diplomatica-artistas-cranc-illa-mallorca-2026.webp\" \/>\n\t<meta property=\"og:image:width\" content=\"1920\" \/>\n\t<meta property=\"og:image:height\" content=\"1440\" \/>\n\t<meta property=\"og:image:type\" content=\"image\/webp\" \/>\n<meta name=\"twitter:card\" content=\"summary_large_image\" \/>\n<meta name=\"twitter:site\" content=\"@crancfestival\" \/>\n<meta name=\"twitter:label1\" content=\"Temps estimat de lectura\" \/>\n\t<meta name=\"twitter:data1\" content=\"1 minut\" \/>\n<script type=\"application\/ld+json\" class=\"yoast-schema-graph\">{\"@context\":\"https:\/\/schema.org\",\"@graph\":[{\"@type\":\"WebPage\",\"@id\":\"https:\/\/crancfestival.com\/ca\/artistes\/raya-diplomatica\/\",\"url\":\"https:\/\/crancfestival.com\/ca\/artistes\/raya-diplomatica\/\",\"name\":\"Raya Diplom\u00e1tica &#8226; Artistes &#8226; Cranc Illa de Mallorca Festival\",\"isPartOf\":{\"@id\":\"https:\/\/crancfestival.com\/ca\/#website\"},\"primaryImageOfPage\":{\"@id\":\"https:\/\/crancfestival.com\/ca\/artistes\/raya-diplomatica\/#primaryimage\"},\"image\":{\"@id\":\"https:\/\/crancfestival.com\/ca\/artistes\/raya-diplomatica\/#primaryimage\"},\"thumbnailUrl\":\"https:\/\/crancfestival.com\/wp-content\/uploads\/2026\/02\/raya-diplomatica-artistas-cranc-illa-mallorca-2026.webp\",\"datePublished\":\"2026-02-06T12:08:06+00:00\",\"dateModified\":\"2026-02-09T12:28:28+00:00\",\"description\":\"Raya Diplom\u00e1tica no ve a encaixar, ve a liarla (b\u00e9) al pr\u00f2xim Cranc Illa de Mallorca Festival (7-9 maig 2026)\",\"breadcrumb\":{\"@id\":\"https:\/\/crancfestival.com\/ca\/artistes\/raya-diplomatica\/#breadcrumb\"},\"inLanguage\":\"ca\",\"potentialAction\":[{\"@type\":\"ReadAction\",\"target\":[\"https:\/\/crancfestival.com\/ca\/artistes\/raya-diplomatica\/\"]}]},{\"@type\":\"ImageObject\",\"inLanguage\":\"ca\",\"@id\":\"https:\/\/crancfestival.com\/ca\/artistes\/raya-diplomatica\/#primaryimage\",\"url\":\"https:\/\/crancfestival.com\/wp-content\/uploads\/2026\/02\/raya-diplomatica-artistas-cranc-illa-mallorca-2026.webp\",\"contentUrl\":\"https:\/\/crancfestival.com\/wp-content\/uploads\/2026\/02\/raya-diplomatica-artistas-cranc-illa-mallorca-2026.webp\",\"width\":1920,\"height\":1440,\"caption\":\"Raya Diplom\u00e1tica - Artistes - Cranc Illa de Mallorca Festival 2026\"},{\"@type\":\"BreadcrumbList\",\"@id\":\"https:\/\/crancfestival.com\/ca\/artistes\/raya-diplomatica\/#breadcrumb\",\"itemListElement\":[{\"@type\":\"ListItem\",\"position\":1,\"name\":\"Portada\",\"item\":\"https:\/\/crancfestival.com\/ca\/cranc-festival-illes-balears\/\"},{\"@type\":\"ListItem\",\"position\":2,\"name\":\"Artistas\",\"item\":\"https:\/\/crancfestival.com\/ca\/artistes\/\"},{\"@type\":\"ListItem\",\"position\":3,\"name\":\"Raya Diplom\u00e1tica\"}]},{\"@type\":\"WebSite\",\"@id\":\"https:\/\/crancfestival.com\/ca\/#website\",\"url\":\"https:\/\/crancfestival.com\/ca\/\",\"name\":\"Cranc Festival\",\"description\":\"Festival M\u00fasica Menorca &amp; Mallorca\",\"publisher\":{\"@id\":\"https:\/\/crancfestival.com\/ca\/#organization\"},\"potentialAction\":[{\"@type\":\"SearchAction\",\"target\":{\"@type\":\"EntryPoint\",\"urlTemplate\":\"https:\/\/crancfestival.com\/ca\/?s={search_term_string}\"},\"query-input\":{\"@type\":\"PropertyValueSpecification\",\"valueRequired\":true,\"valueName\":\"search_term_string\"}}],\"inLanguage\":\"ca\"},{\"@type\":\"Organization\",\"@id\":\"https:\/\/crancfestival.com\/ca\/#organization\",\"name\":\"Cranc Festival\",\"url\":\"https:\/\/crancfestival.com\/ca\/\",\"logo\":{\"@type\":\"ImageObject\",\"inLanguage\":\"ca\",\"@id\":\"https:\/\/crancfestival.com\/ca\/#\/schema\/logo\/image\/\",\"url\":\"https:\/\/crancfestival.com\/wp-content\/uploads\/2024\/02\/cranc-festival-logo-150.webp\",\"contentUrl\":\"https:\/\/crancfestival.com\/wp-content\/uploads\/2024\/02\/cranc-festival-logo-150.webp\",\"width\":127,\"height\":150,\"caption\":\"Cranc Festival\"},\"image\":{\"@id\":\"https:\/\/crancfestival.com\/ca\/#\/schema\/logo\/image\/\"},\"sameAs\":[\"https:\/\/www.facebook.com\/crancfestival\/\",\"https:\/\/x.com\/crancfestival\",\"https:\/\/www.instagram.com\/crancfestival\/\",\"https:\/\/open.spotify.com\/user\/2yrxvv8ld4ewgo2w9dc48qgwh\"]}]}<\/script>\n<!-- \/ Yoast SEO plugin. -->","yoast_head_json":{"title":"Raya Diplom\u00e1tica &#8226; Artistes &#8226; Cranc Illa de Mallorca Festival","description":"Raya Diplom\u00e1tica no ve a encaixar, ve a liarla (b\u00e9) al pr\u00f2xim Cranc Illa de Mallorca Festival (7-9 maig 2026)","robots":{"index":"index","follow":"follow","max-snippet":"max-snippet:-1","max-image-preview":"max-image-preview:large","max-video-preview":"max-video-preview:-1"},"canonical":"https:\/\/crancfestival.com\/ca\/artistes\/raya-diplomatica\/","og_locale":"ca_ES","og_type":"article","og_title":"Raya Diplom\u00e1tica &#8226; Artistes &#8226; Cranc Illa de Mallorca Festival","og_description":"Raya Diplom\u00e1tica no ve a encaixar, ve a liarla (b\u00e9) al pr\u00f2xim Cranc Illa de Mallorca Festival (7-9 maig 2026)","og_url":"https:\/\/crancfestival.com\/ca\/artistes\/raya-diplomatica\/","og_site_name":"Cranc Festival","article_publisher":"https:\/\/www.facebook.com\/crancfestival\/","article_modified_time":"2026-02-09T12:28:28+00:00","og_image":[{"width":1920,"height":1440,"url":"https:\/\/crancfestival.com\/wp-content\/uploads\/2026\/02\/raya-diplomatica-artistas-cranc-illa-mallorca-2026.webp","type":"image\/webp"}],"twitter_card":"summary_large_image","twitter_site":"@crancfestival","twitter_misc":{"Temps estimat de lectura":"1 minut"},"schema":{"@context":"https:\/\/schema.org","@graph":[{"@type":"WebPage","@id":"https:\/\/crancfestival.com\/ca\/artistes\/raya-diplomatica\/","url":"https:\/\/crancfestival.com\/ca\/artistes\/raya-diplomatica\/","name":"Raya Diplom\u00e1tica &#8226; Artistes &#8226; Cranc Illa de Mallorca Festival","isPartOf":{"@id":"https:\/\/crancfestival.com\/ca\/#website"},"primaryImageOfPage":{"@id":"https:\/\/crancfestival.com\/ca\/artistes\/raya-diplomatica\/#primaryimage"},"image":{"@id":"https:\/\/crancfestival.com\/ca\/artistes\/raya-diplomatica\/#primaryimage"},"thumbnailUrl":"https:\/\/crancfestival.com\/wp-content\/uploads\/2026\/02\/raya-diplomatica-artistas-cranc-illa-mallorca-2026.webp","datePublished":"2026-02-06T12:08:06+00:00","dateModified":"2026-02-09T12:28:28+00:00","description":"Raya Diplom\u00e1tica no ve a encaixar, ve a liarla (b\u00e9) al pr\u00f2xim Cranc Illa de Mallorca Festival (7-9 maig 2026)","breadcrumb":{"@id":"https:\/\/crancfestival.com\/ca\/artistes\/raya-diplomatica\/#breadcrumb"},"inLanguage":"ca","potentialAction":[{"@type":"ReadAction","target":["https:\/\/crancfestival.com\/ca\/artistes\/raya-diplomatica\/"]}]},{"@type":"ImageObject","inLanguage":"ca","@id":"https:\/\/crancfestival.com\/ca\/artistes\/raya-diplomatica\/#primaryimage","url":"https:\/\/crancfestival.com\/wp-content\/uploads\/2026\/02\/raya-diplomatica-artistas-cranc-illa-mallorca-2026.webp","contentUrl":"https:\/\/crancfestival.com\/wp-content\/uploads\/2026\/02\/raya-diplomatica-artistas-cranc-illa-mallorca-2026.webp","width":1920,"height":1440,"caption":"Raya Diplom\u00e1tica - Artistes - Cranc Illa de Mallorca Festival 2026"},{"@type":"BreadcrumbList","@id":"https:\/\/crancfestival.com\/ca\/artistes\/raya-diplomatica\/#breadcrumb","itemListElement":[{"@type":"ListItem","position":1,"name":"Portada","item":"https:\/\/crancfestival.com\/ca\/cranc-festival-illes-balears\/"},{"@type":"ListItem","position":2,"name":"Artistas","item":"https:\/\/crancfestival.com\/ca\/artistes\/"},{"@type":"ListItem","position":3,"name":"Raya Diplom\u00e1tica"}]},{"@type":"WebSite","@id":"https:\/\/crancfestival.com\/ca\/#website","url":"https:\/\/crancfestival.com\/ca\/","name":"Cranc Festival","description":"Festival M\u00fasica Menorca &amp; Mallorca","publisher":{"@id":"https:\/\/crancfestival.com\/ca\/#organization"},"potentialAction":[{"@type":"SearchAction","target":{"@type":"EntryPoint","urlTemplate":"https:\/\/crancfestival.com\/ca\/?s={search_term_string}"},"query-input":{"@type":"PropertyValueSpecification","valueRequired":true,"valueName":"search_term_string"}}],"inLanguage":"ca"},{"@type":"Organization","@id":"https:\/\/crancfestival.com\/ca\/#organization","name":"Cranc Festival","url":"https:\/\/crancfestival.com\/ca\/","logo":{"@type":"ImageObject","inLanguage":"ca","@id":"https:\/\/crancfestival.com\/ca\/#\/schema\/logo\/image\/","url":"https:\/\/crancfestival.com\/wp-content\/uploads\/2024\/02\/cranc-festival-logo-150.webp","contentUrl":"https:\/\/crancfestival.com\/wp-content\/uploads\/2024\/02\/cranc-festival-logo-150.webp","width":127,"height":150,"caption":"Cranc Festival"},"image":{"@id":"https:\/\/crancfestival.com\/ca\/#\/schema\/logo\/image\/"},"sameAs":["https:\/\/www.facebook.com\/crancfestival\/","https:\/\/x.com\/crancfestival","https:\/\/www.instagram.com\/crancfestival\/","https:\/\/open.spotify.com\/user\/2yrxvv8ld4ewgo2w9dc48qgwh"]}]}},"_links":{"self":[{"href":"https:\/\/crancfestival.com\/ca\/wp-json\/wp\/v2\/project\/3693","targetHints":{"allow":["GET"]}}],"collection":[{"href":"https:\/\/crancfestival.com\/ca\/wp-json\/wp\/v2\/project"}],"about":[{"href":"https:\/\/crancfestival.com\/ca\/wp-json\/wp\/v2\/types\/project"}],"author":[{"embeddable":true,"href":"https:\/\/crancfestival.com\/ca\/wp-json\/wp\/v2\/users\/1"}],"replies":[{"embeddable":true,"href":"https:\/\/crancfestival.com\/ca\/wp-json\/wp\/v2\/comments?post=3693"}],"version-history":[{"count":1,"href":"https:\/\/crancfestival.com\/ca\/wp-json\/wp\/v2\/project\/3693\/revisions"}],"predecessor-version":[{"id":3695,"href":"https:\/\/crancfestival.com\/ca\/wp-json\/wp\/v2\/project\/3693\/revisions\/3695"}],"wp:featuredmedia":[{"embeddable":true,"href":"https:\/\/crancfestival.com\/ca\/wp-json\/wp\/v2\/media\/3694"}],"wp:attachment":[{"href":"https:\/\/crancfestival.com\/ca\/wp-json\/wp\/v2\/media?parent=3693"}],"wp:term":[{"taxonomy":"project_category","embeddable":true,"href":"https:\/\/crancfestival.com\/ca\/wp-json\/wp\/v2\/project_category?post=3693"},{"taxonomy":"project_tag","embeddable":true,"href":"https:\/\/crancfestival.com\/ca\/wp-json\/wp\/v2\/project_tag?post=3693"}],"curies":[{"name":"wp","href":"https:\/\/api.w.org\/{rel}","templated":true}]}}