{"id":3985,"date":"2026-03-11T13:20:57","date_gmt":"2026-03-11T12:20:57","guid":{"rendered":"https:\/\/crancfestival.com\/batalla-de-bandas\/"},"modified":"2026-03-11T14:08:27","modified_gmt":"2026-03-11T13:08:27","slug":"batalla-de-bandas","status":"publish","type":"page","link":"https:\/\/crancfestival.com\/ca\/batalla-de-bandas\/","title":{"rendered":"Batalla de bandes"},"content":{"rendered":"<p>[et_pb_section fb_built=&#8221;1&#8243; _builder_version=&#8221;4.27.5&#8243; _module_preset=&#8221;default&#8221; background_color=&#8221;#ff99cc&#8221; custom_padding=&#8221;0px||0px||true|false&#8221; hover_enabled=&#8221;0&#8243; global_colors_info=&#8221;{}&#8221; sticky_enabled=&#8221;0&#8243;][et_pb_row _builder_version=&#8221;4.27.5&#8243; _module_preset=&#8221;default&#8221; custom_padding=&#8221;0px||||false|false&#8221; global_colors_info=&#8221;{}&#8221;][et_pb_column type=&#8221;4_4&#8243; _builder_version=&#8221;4.27.5&#8243; _module_preset=&#8221;default&#8221; global_colors_info=&#8221;{}&#8221;][et_pb_image src=&#8221;https:\/\/crancfestival.com\/wp-content\/uploads\/2026\/03\/batalla-bandas-canc-mallorca-menorca.webp&#8221; alt=&#8221;Batalla de bandes &#8211; Cranc Festival &#8211; Mallorca &#8211; Menorca&#8221; title_text=&#8221;Batalla de bandes&#8221; _builder_version=&#8221;4.27.5&#8243; _module_preset=&#8221;default&#8221; global_colors_info=&#8221;{}&#8221;][\/et_pb_image][\/et_pb_column][\/et_pb_row][et_pb_row _builder_version=&#8221;4.27.5&#8243; _module_preset=&#8221;default&#8221; max_width=&#8221;550px&#8221; global_colors_info=&#8221;{}&#8221;][et_pb_column type=&#8221;4_4&#8243; _builder_version=&#8221;4.27.5&#8243; _module_preset=&#8221;default&#8221; global_colors_info=&#8221;{}&#8221;][et_pb_text _builder_version=&#8221;4.27.5&#8243; _module_preset=&#8221;default&#8221; text_orientation=&#8221;center&#8221; global_colors_info=&#8221;{}&#8221;]<\/p>\n<h1 class=\"seo-pagetitle\">Batalla de bandes<\/h1>\n<h3><strong>Bandes de les Illes Balears:<\/strong><\/h3>\n<h2><strong>aquest \u00e9s el vostre moment<\/strong><\/h2>\n<p><strong>\ud83e\udd80\ud83d\udd25<br \/>Ja est\u00e0 obert el per\u00edode d\u2019inscripci\u00f3 per a la Batalla de Bandes del Cranc Illa de Mallorca Festival.<\/strong><\/p>\n<p>[\/et_pb_text][et_pb_cta _builder_version=&#8221;4.27.5&#8243; _module_preset=&#8221;default&#8221; background_color=&#8221;#40FF84&#8243; background_layout=&#8221;light&#8221; global_colors_info=&#8221;{}&#8221;]<\/p>\n<p><img loading=\"lazy\" decoding=\"async\" class=\"alignnone wp-image-3638 \" src=\"https:\/\/crancfestival.com\/wp-content\/uploads\/2025\/12\/cranc-nau.webp\" alt=\"\" width=\"65\" height=\"102\"><\/p>\n<p>Si tens una banda amb ganes d\u2019enviar senyals musicals a l\u2019espai, envia:<br \/>\ud83c\udfa7 info de la banda<br \/>\ud83d\udd17 enlla\u00e7os a \u00e0udio o v\u00eddeo<br \/>\ud83d\udcf1 xarxes socials<br \/>a <a href=\"mailto:info@crancfestival.com\">info@crancfestival.com<\/a><\/p>\n<p>\ud83d\udc49\ud83c\udffc <strong>Inscripcions obertes fins al 28 de mar\u00e7<\/strong><\/p>\n<p>[\/et_pb_cta][et_pb_text _builder_version=&#8221;4.27.5&#8243; _module_preset=&#8221;default&#8221; text_orientation=&#8221;center&#8221; global_colors_info=&#8221;{}&#8221;]<\/p>\n<p>Entre totes les propostes seleccionarem 6 projectes finalistes, que actuaran dissabte 9 de maig a Es Baluard Museu d&#8217;Art Contemporani de Palma amb 10 minuts per abduir al jurat.<\/p>\n<h3>Els premis<\/h3>\n<p>Actuar al <a href=\"https:\/\/crancfestival.com\/ca\/menorca\/\">Cranc Festival Illa de Menorca<\/a> (17\u201319 de setembre) i als showcases del <a href=\"https:\/\/monkeyweek.org\/\" target=\"_blank\" rel=\"noopener\">Monket Week<\/a>.<br \/><strong>150\u20ac per finalista<\/strong><br \/><strong>400\u20ac de bossa de viatge per als guanyadors<\/strong><br \/><strong>Backline i acreditacions<\/strong><\/p>\n<p><img loading=\"lazy\" decoding=\"async\" class=\"wp-image-3645 alignnone size-thumbnail\" src=\"https:\/\/crancfestival.com\/wp-content\/uploads\/2025\/12\/meteorit-150x106.webp\" alt=\"\" width=\"150\" height=\"106\"><\/p>\n<h2><strong>Si tens una banda a les Balears\u2026<\/strong><\/h2>\n<p>\u00e9s moment de sortir del local d\u2019assaig i aterrar al Cranc \ud83d\ude80<\/p>\n<p>[\/et_pb_text][\/et_pb_column][\/et_pb_row][et_pb_row _builder_version=&#8221;4.27.5&#8243; _module_preset=&#8221;default&#8221; column_structure=&#8221;1_4,1_4,1_4,1_4&#8243; use_custom_gutter=&#8221;on&#8221; gutter_width=&#8221;1&#8243; hover_enabled=&#8221;0&#8243; sticky_enabled=&#8221;0&#8243; width=&#8221;100%&#8221; max_width=&#8221;100%&#8221; custom_padding=&#8221;||0px||false|false&#8221;][et_pb_column _builder_version=&#8221;4.27.5&#8243; _module_preset=&#8221;default&#8221; type=&#8221;1_4&#8243;][et_pb_image _builder_version=&#8221;4.27.5&#8243; _module_preset=&#8221;default&#8221; alt=&#8221;Batalla de bandes &#8211; Cranc Festival&#8221; title_text=&#8221;Batalla de bandes &#8211; Cranc Festival&#8221; src=&#8221;https:\/\/crancfestival.com\/wp-content\/uploads\/2026\/03\/batalla-bandas-cranc-festival-mallorca.webp&#8221; hover_enabled=&#8221;0&#8243; sticky_enabled=&#8221;0&#8243;][\/et_pb_image][\/et_pb_column][et_pb_column _builder_version=&#8221;4.27.5&#8243; _module_preset=&#8221;default&#8221; type=&#8221;1_4&#8243;][et_pb_image _builder_version=&#8221;4.27.5&#8243; _module_preset=&#8221;default&#8221; alt=&#8221;Batalla de bandes &#8211; Cranc Festival&#8221; title_text=&#8221;Batalla de bandes &#8211; Cranc Festival&#8221; src=&#8221;https:\/\/crancfestival.com\/wp-content\/uploads\/2026\/03\/batalla-bandes-cranc-festival-mallorca.webp&#8221; hover_enabled=&#8221;0&#8243; sticky_enabled=&#8221;0&#8243;][\/et_pb_image][\/et_pb_column][et_pb_column _builder_version=&#8221;4.27.5&#8243; _module_preset=&#8221;default&#8221; type=&#8221;1_4&#8243;][et_pb_image _builder_version=&#8221;4.27.5&#8243; _module_preset=&#8221;default&#8221; alt=&#8221;Batalla de bandes &#8211; Cranc Festival&#8221; title_text=&#8221;Batalla de bandes &#8211; Cranc Festival&#8221; src=&#8221;https:\/\/crancfestival.com\/wp-content\/uploads\/2026\/03\/batalla-bandes-cranc-festival.webp&#8221; hover_enabled=&#8221;0&#8243; sticky_enabled=&#8221;0&#8243;][\/et_pb_image][\/et_pb_column][et_pb_column _builder_version=&#8221;4.27.5&#8243; _module_preset=&#8221;default&#8221; type=&#8221;1_4&#8243;][et_pb_image _builder_version=&#8221;4.27.5&#8243; _module_preset=&#8221;default&#8221; alt=&#8221;Batalla de bandes &#8211; Cranc Festival&#8221; title_text=&#8221;Batalla de bandes &#8211; Cranc Festival&#8221; src=&#8221;https:\/\/crancfestival.com\/wp-content\/uploads\/2026\/03\/batalla-bandas-cranc-festival-es-baluard.webp&#8221; hover_enabled=&#8221;0&#8243; sticky_enabled=&#8221;0&#8243;][\/et_pb_image][\/et_pb_column][\/et_pb_row][\/et_pb_section]<\/p>\n","protected":false},"excerpt":{"rendered":"<p>Batalla de bandes Bandes de les Illes Balears: aquest \u00e9s el vostre moment \ud83e\udd80\ud83d\udd25Ja est\u00e0 obert el per\u00edode d\u2019inscripci\u00f3 per a la Batalla de Bandes del Cranc Illa de Mallorca Festival. Si tens una banda amb ganes d\u2019enviar senyals musicals a l\u2019espai, envia:\ud83c\udfa7 info de la banda\ud83d\udd17 enlla\u00e7os a \u00e0udio o v\u00eddeo\ud83d\udcf1 xarxes socialsa info@crancfestival.com [&hellip;]<\/p>\n","protected":false},"author":1,"featured_media":3995,"parent":0,"menu_order":0,"comment_status":"closed","ping_status":"closed","template":"","meta":{"_et_pb_use_builder":"on","_et_pb_old_content":"","_et_gb_content_width":"","footnotes":""},"class_list":["post-3985","page","type-page","status-publish","has-post-thumbnail","hentry"],"yoast_head":"<!-- This site is optimized with the Yoast SEO plugin v27.2 - https:\/\/yoast.com\/product\/yoast-seo-wordpress\/ -->\n<title>Batalla de bandes &#8226; Cranc Festival<\/title>\n<meta name=\"description\" content=\"Bandes de les Illes Balears: aquest \u00e9s el vostre moment. Si tens una banda amb ganes d\u2019enviar senyals musicals a l\u2019espai, participa!\" \/>\n<meta name=\"robots\" content=\"index, follow, max-snippet:-1, max-image-preview:large, max-video-preview:-1\" \/>\n<link rel=\"canonical\" href=\"https:\/\/crancfestival.com\/ca\/batalla-de-bandas\/\" \/>\n<meta property=\"og:locale\" content=\"ca_ES\" \/>\n<meta property=\"og:type\" content=\"article\" \/>\n<meta property=\"og:title\" content=\"Batalla de bandes &#8226; Cranc Festival\" \/>\n<meta property=\"og:description\" content=\"Bandes de les Illes Balears: aquest \u00e9s el vostre moment. Si tens una banda amb ganes d\u2019enviar senyals musicals a l\u2019espai, participa!\" \/>\n<meta property=\"og:url\" content=\"https:\/\/crancfestival.com\/ca\/batalla-de-bandas\/\" \/>\n<meta property=\"og:site_name\" content=\"Cranc Festival\" \/>\n<meta property=\"article:publisher\" content=\"https:\/\/www.facebook.com\/crancfestival\/\" \/>\n<meta property=\"article:modified_time\" content=\"2026-03-11T13:08:27+00:00\" \/>\n<meta property=\"og:image\" content=\"https:\/\/crancfestival.com\/wp-content\/uploads\/2026\/03\/batalla-bandas-canc-mallorca-menorca.webp\" \/>\n\t<meta property=\"og:image:width\" content=\"1080\" \/>\n\t<meta property=\"og:image:height\" content=\"810\" \/>\n\t<meta property=\"og:image:type\" content=\"image\/webp\" \/>\n<meta name=\"twitter:card\" content=\"summary_large_image\" \/>\n<meta name=\"twitter:site\" content=\"@crancfestival\" \/>\n<meta name=\"twitter:label1\" content=\"Temps estimat de lectura\" \/>\n\t<meta name=\"twitter:data1\" content=\"2 minuts\" \/>\n<script type=\"application\/ld+json\" class=\"yoast-schema-graph\">{\"@context\":\"https:\/\/schema.org\",\"@graph\":[{\"@type\":\"WebPage\",\"@id\":\"https:\/\/crancfestival.com\/ca\/batalla-de-bandas\/\",\"url\":\"https:\/\/crancfestival.com\/ca\/batalla-de-bandas\/\",\"name\":\"Batalla de bandes &#8226; Cranc Festival\",\"isPartOf\":{\"@id\":\"https:\/\/crancfestival.com\/ca\/#website\"},\"primaryImageOfPage\":{\"@id\":\"https:\/\/crancfestival.com\/ca\/batalla-de-bandas\/#primaryimage\"},\"image\":{\"@id\":\"https:\/\/crancfestival.com\/ca\/batalla-de-bandas\/#primaryimage\"},\"thumbnailUrl\":\"https:\/\/crancfestival.com\/wp-content\/uploads\/2026\/03\/batalla-bandas-canc-mallorca-menorca.webp\",\"datePublished\":\"2026-03-11T12:20:57+00:00\",\"dateModified\":\"2026-03-11T13:08:27+00:00\",\"description\":\"Bandes de les Illes Balears: aquest \u00e9s el vostre moment. Si tens una banda amb ganes d\u2019enviar senyals musicals a l\u2019espai, participa!\",\"breadcrumb\":{\"@id\":\"https:\/\/crancfestival.com\/ca\/batalla-de-bandas\/#breadcrumb\"},\"inLanguage\":\"ca\",\"potentialAction\":[{\"@type\":\"ReadAction\",\"target\":[\"https:\/\/crancfestival.com\/ca\/batalla-de-bandas\/\"]}]},{\"@type\":\"ImageObject\",\"inLanguage\":\"ca\",\"@id\":\"https:\/\/crancfestival.com\/ca\/batalla-de-bandas\/#primaryimage\",\"url\":\"https:\/\/crancfestival.com\/wp-content\/uploads\/2026\/03\/batalla-bandas-canc-mallorca-menorca.webp\",\"contentUrl\":\"https:\/\/crancfestival.com\/wp-content\/uploads\/2026\/03\/batalla-bandas-canc-mallorca-menorca.webp\",\"width\":1080,\"height\":810,\"caption\":\"Batalla de bandes - Cranc Festival - Mallorca - Menorca\"},{\"@type\":\"BreadcrumbList\",\"@id\":\"https:\/\/crancfestival.com\/ca\/batalla-de-bandas\/#breadcrumb\",\"itemListElement\":[{\"@type\":\"ListItem\",\"position\":1,\"name\":\"Portada\",\"item\":\"https:\/\/crancfestival.com\/ca\/cranc-festival-illes-balears\/\"},{\"@type\":\"ListItem\",\"position\":2,\"name\":\"Batalla de bandes\"}]},{\"@type\":\"WebSite\",\"@id\":\"https:\/\/crancfestival.com\/ca\/#website\",\"url\":\"https:\/\/crancfestival.com\/ca\/\",\"name\":\"Cranc Festival\",\"description\":\"Festival M\u00fasica Menorca &amp; Mallorca\",\"publisher\":{\"@id\":\"https:\/\/crancfestival.com\/ca\/#organization\"},\"potentialAction\":[{\"@type\":\"SearchAction\",\"target\":{\"@type\":\"EntryPoint\",\"urlTemplate\":\"https:\/\/crancfestival.com\/ca\/?s={search_term_string}\"},\"query-input\":{\"@type\":\"PropertyValueSpecification\",\"valueRequired\":true,\"valueName\":\"search_term_string\"}}],\"inLanguage\":\"ca\"},{\"@type\":\"Organization\",\"@id\":\"https:\/\/crancfestival.com\/ca\/#organization\",\"name\":\"Cranc Festival\",\"url\":\"https:\/\/crancfestival.com\/ca\/\",\"logo\":{\"@type\":\"ImageObject\",\"inLanguage\":\"ca\",\"@id\":\"https:\/\/crancfestival.com\/ca\/#\/schema\/logo\/image\/\",\"url\":\"https:\/\/crancfestival.com\/wp-content\/uploads\/2024\/02\/cranc-festival-logo-150.webp\",\"contentUrl\":\"https:\/\/crancfestival.com\/wp-content\/uploads\/2024\/02\/cranc-festival-logo-150.webp\",\"width\":127,\"height\":150,\"caption\":\"Cranc Festival\"},\"image\":{\"@id\":\"https:\/\/crancfestival.com\/ca\/#\/schema\/logo\/image\/\"},\"sameAs\":[\"https:\/\/www.facebook.com\/crancfestival\/\",\"https:\/\/x.com\/crancfestival\",\"https:\/\/www.instagram.com\/crancfestival\/\",\"https:\/\/open.spotify.com\/user\/2yrxvv8ld4ewgo2w9dc48qgwh\"]}]}<\/script>\n<!-- \/ Yoast SEO plugin. -->","yoast_head_json":{"title":"Batalla de bandes &#8226; Cranc Festival","description":"Bandes de les Illes Balears: aquest \u00e9s el vostre moment. Si tens una banda amb ganes d\u2019enviar senyals musicals a l\u2019espai, participa!","robots":{"index":"index","follow":"follow","max-snippet":"max-snippet:-1","max-image-preview":"max-image-preview:large","max-video-preview":"max-video-preview:-1"},"canonical":"https:\/\/crancfestival.com\/ca\/batalla-de-bandas\/","og_locale":"ca_ES","og_type":"article","og_title":"Batalla de bandes &#8226; Cranc Festival","og_description":"Bandes de les Illes Balears: aquest \u00e9s el vostre moment. Si tens una banda amb ganes d\u2019enviar senyals musicals a l\u2019espai, participa!","og_url":"https:\/\/crancfestival.com\/ca\/batalla-de-bandas\/","og_site_name":"Cranc Festival","article_publisher":"https:\/\/www.facebook.com\/crancfestival\/","article_modified_time":"2026-03-11T13:08:27+00:00","og_image":[{"width":1080,"height":810,"url":"https:\/\/crancfestival.com\/wp-content\/uploads\/2026\/03\/batalla-bandas-canc-mallorca-menorca.webp","type":"image\/webp"}],"twitter_card":"summary_large_image","twitter_site":"@crancfestival","twitter_misc":{"Temps estimat de lectura":"2 minuts"},"schema":{"@context":"https:\/\/schema.org","@graph":[{"@type":"WebPage","@id":"https:\/\/crancfestival.com\/ca\/batalla-de-bandas\/","url":"https:\/\/crancfestival.com\/ca\/batalla-de-bandas\/","name":"Batalla de bandes &#8226; Cranc Festival","isPartOf":{"@id":"https:\/\/crancfestival.com\/ca\/#website"},"primaryImageOfPage":{"@id":"https:\/\/crancfestival.com\/ca\/batalla-de-bandas\/#primaryimage"},"image":{"@id":"https:\/\/crancfestival.com\/ca\/batalla-de-bandas\/#primaryimage"},"thumbnailUrl":"https:\/\/crancfestival.com\/wp-content\/uploads\/2026\/03\/batalla-bandas-canc-mallorca-menorca.webp","datePublished":"2026-03-11T12:20:57+00:00","dateModified":"2026-03-11T13:08:27+00:00","description":"Bandes de les Illes Balears: aquest \u00e9s el vostre moment. Si tens una banda amb ganes d\u2019enviar senyals musicals a l\u2019espai, participa!","breadcrumb":{"@id":"https:\/\/crancfestival.com\/ca\/batalla-de-bandas\/#breadcrumb"},"inLanguage":"ca","potentialAction":[{"@type":"ReadAction","target":["https:\/\/crancfestival.com\/ca\/batalla-de-bandas\/"]}]},{"@type":"ImageObject","inLanguage":"ca","@id":"https:\/\/crancfestival.com\/ca\/batalla-de-bandas\/#primaryimage","url":"https:\/\/crancfestival.com\/wp-content\/uploads\/2026\/03\/batalla-bandas-canc-mallorca-menorca.webp","contentUrl":"https:\/\/crancfestival.com\/wp-content\/uploads\/2026\/03\/batalla-bandas-canc-mallorca-menorca.webp","width":1080,"height":810,"caption":"Batalla de bandes - Cranc Festival - Mallorca - Menorca"},{"@type":"BreadcrumbList","@id":"https:\/\/crancfestival.com\/ca\/batalla-de-bandas\/#breadcrumb","itemListElement":[{"@type":"ListItem","position":1,"name":"Portada","item":"https:\/\/crancfestival.com\/ca\/cranc-festival-illes-balears\/"},{"@type":"ListItem","position":2,"name":"Batalla de bandes"}]},{"@type":"WebSite","@id":"https:\/\/crancfestival.com\/ca\/#website","url":"https:\/\/crancfestival.com\/ca\/","name":"Cranc Festival","description":"Festival M\u00fasica Menorca &amp; Mallorca","publisher":{"@id":"https:\/\/crancfestival.com\/ca\/#organization"},"potentialAction":[{"@type":"SearchAction","target":{"@type":"EntryPoint","urlTemplate":"https:\/\/crancfestival.com\/ca\/?s={search_term_string}"},"query-input":{"@type":"PropertyValueSpecification","valueRequired":true,"valueName":"search_term_string"}}],"inLanguage":"ca"},{"@type":"Organization","@id":"https:\/\/crancfestival.com\/ca\/#organization","name":"Cranc Festival","url":"https:\/\/crancfestival.com\/ca\/","logo":{"@type":"ImageObject","inLanguage":"ca","@id":"https:\/\/crancfestival.com\/ca\/#\/schema\/logo\/image\/","url":"https:\/\/crancfestival.com\/wp-content\/uploads\/2024\/02\/cranc-festival-logo-150.webp","contentUrl":"https:\/\/crancfestival.com\/wp-content\/uploads\/2024\/02\/cranc-festival-logo-150.webp","width":127,"height":150,"caption":"Cranc Festival"},"image":{"@id":"https:\/\/crancfestival.com\/ca\/#\/schema\/logo\/image\/"},"sameAs":["https:\/\/www.facebook.com\/crancfestival\/","https:\/\/x.com\/crancfestival","https:\/\/www.instagram.com\/crancfestival\/","https:\/\/open.spotify.com\/user\/2yrxvv8ld4ewgo2w9dc48qgwh"]}]}},"_links":{"self":[{"href":"https:\/\/crancfestival.com\/ca\/wp-json\/wp\/v2\/pages\/3985","targetHints":{"allow":["GET"]}}],"collection":[{"href":"https:\/\/crancfestival.com\/ca\/wp-json\/wp\/v2\/pages"}],"about":[{"href":"https:\/\/crancfestival.com\/ca\/wp-json\/wp\/v2\/types\/page"}],"author":[{"embeddable":true,"href":"https:\/\/crancfestival.com\/ca\/wp-json\/wp\/v2\/users\/1"}],"replies":[{"embeddable":true,"href":"https:\/\/crancfestival.com\/ca\/wp-json\/wp\/v2\/comments?post=3985"}],"version-history":[{"count":5,"href":"https:\/\/crancfestival.com\/ca\/wp-json\/wp\/v2\/pages\/3985\/revisions"}],"predecessor-version":[{"id":4016,"href":"https:\/\/crancfestival.com\/ca\/wp-json\/wp\/v2\/pages\/3985\/revisions\/4016"}],"wp:featuredmedia":[{"embeddable":true,"href":"https:\/\/crancfestival.com\/ca\/wp-json\/wp\/v2\/media\/3995"}],"wp:attachment":[{"href":"https:\/\/crancfestival.com\/ca\/wp-json\/wp\/v2\/media?parent=3985"}],"curies":[{"name":"wp","href":"https:\/\/api.w.org\/{rel}","templated":true}]}}